{"id":3191,"date":"2017-09-25T16:42:43","date_gmt":"2017-09-25T10:42:43","guid":{"rendered":"http:\/\/bisbalpenedes.com\/web\/?page_id=3191"},"modified":"2023-07-20T09:45:02","modified_gmt":"2023-07-20T07:45:02","slug":"corporacio-municipal","status":"publish","type":"page","link":"https:\/\/bisbalpenedes.com\/web\/corporacio-municipal\/","title":{"rendered":"Corporaci\u00f3 Municipal"},"content":{"rendered":"<h2 style=\"text-align: center;\">La Corporaci\u00f3 municipal conformada a partir dels resultats de les eleccions del 28 de maig de 2023 la podeu trobar accedint a l&#8217;enlla\u00e7: <a href=\"https:\/\/bisbalpenedes.com\/web\/corporacio-municipal-2023-27\/\">Corporaci\u00f3 Municipal 2023-27 \u2013 Ajuntament de la Bisbal del Pened\u00e8s (bisbalpenedes.com)<\/a><\/h2>\n<h2 style=\"text-align: center;\">\u00d2rgans de govern.<\/h2>\n<h3>EQUIP DE GOVERN<\/h3>\n<h2>ALCALDESSA:<\/h2>\n<h2><a href=\"http:\/\/bisbalpenedes.com\/web\/wp-content\/uploads\/2019\/06\/Photo-15-06-2019-11-35-34.jpg\"><img loading=\"lazy\" class=\"size-thumbnail wp-image-9770 alignleft\" src=\"http:\/\/bisbalpenedes.com\/web\/wp-content\/uploads\/2019\/06\/Photo-15-06-2019-11-35-34-150x150.jpg\" alt=\"Agnes Ferre alcaldessa\" width=\"150\" height=\"150\" srcset=\"https:\/\/bisbalpenedes.com\/web\/wp-content\/uploads\/2019\/06\/Photo-15-06-2019-11-35-34-150x150.jpg 150w, https:\/\/bisbalpenedes.com\/web\/wp-content\/uploads\/2019\/06\/Photo-15-06-2019-11-35-34-300x300.jpg 300w, https:\/\/bisbalpenedes.com\/web\/wp-content\/uploads\/2019\/06\/Photo-15-06-2019-11-35-34-100x100.jpg 100w\" sizes=\"(max-width: 150px) 100vw, 150px\" \/><\/a><strong>Agn\u00e8s Ferr\u00e9 Ca\u00f1ellas (Comprom\u00eds amb la Bisbal)<\/strong><\/h2>\n<h3><span style=\"color: #000000;\"> Regidora d&#8217;Urbanisme, Hisenda, Serveis Centrals, Empresa i Ocupaci\u00f3.<\/span><\/h3>\n<h3><span style=\"color: #000000;\">Correu electr\u00f2nic:<\/span>\u00a0<a href=\"mailto:agnes@bisbalpenedes.com\" target=\"_blank\" rel=\"noopener\">agnes@bisbalpenedes.com<\/a><\/h3>\n<h3>\u00a0<a href=\"https:\/\/bisbalpenedes.eadministracio.cat\/transparency\/8f823947-3466-4857-9922-adb557d69c48\/\" target=\"_blank\" rel=\"noopener\">Dades biogr\u00e0fiques i curr\u00edculum<\/a><\/h3>\n<h2><span style=\"color: #000000;\">Whatsapp alcaldessa:\u00a0<strong>684 416 843<\/strong><\/span><\/h2>\n<h2>1a TINENTA D&#8217;ALCALDIA:<\/h2>\n<h2><span style=\"color: #000000;\"><a href=\"http:\/\/bisbalpenedes.com\/web\/wp-content\/uploads\/2019\/06\/Photo-15-06-2019-11-32-09.jpg\"><img loading=\"lazy\" class=\"size-thumbnail wp-image-9772 alignleft\" src=\"http:\/\/bisbalpenedes.com\/web\/wp-content\/uploads\/2019\/06\/Photo-15-06-2019-11-32-09-150x150.jpg\" alt=\"judit vidal\" width=\"150\" height=\"150\" srcset=\"https:\/\/bisbalpenedes.com\/web\/wp-content\/uploads\/2019\/06\/Photo-15-06-2019-11-32-09-150x150.jpg 150w, https:\/\/bisbalpenedes.com\/web\/wp-content\/uploads\/2019\/06\/Photo-15-06-2019-11-32-09-300x300.jpg 300w, https:\/\/bisbalpenedes.com\/web\/wp-content\/uploads\/2019\/06\/Photo-15-06-2019-11-32-09-100x100.jpg 100w\" sizes=\"(max-width: 150px) 100vw, 150px\" \/><\/a><\/span><\/h2>\n<h2><strong>Judith Vidal Vilella (Comprom\u00eds amb la Bisbal)<\/strong><\/h2>\n<h3><span style=\"color: #000000;\">Regidora de Cultura, Lleure, Turisme, Comer\u00e7 i Agricultura<\/span><\/h3>\n<h4 style=\"padding-left: 30px;\"><span style=\"color: #000000;\">Correu electr\u00f2nic:<\/span> <a style=\"font-size: 16px;\" href=\"mailto:judith@bisbalpenedes.com\" target=\"_blank\" rel=\"noopener\">judith@bisbalpenedes.com<\/a><\/h4>\n<h3><a href=\"https:\/\/bisbalpenedes.eadministracio.cat\/transparency\/8f823947-3466-4857-9922-adb557d69c48\/\" target=\"_blank\" rel=\"noopener\">Dades biogr\u00e0fiques i curr\u00edculum<\/a><\/h3>\n<h2>2a TINENTA D&#8217;ALCALDIA:<\/h2>\n<h2><span style=\"color: #000000;\"><a style=\"color: #000000;\" href=\"http:\/\/bisbalpenedes.com\/web\/wp-content\/uploads\/2019\/06\/Photo-15-06-2019-11-33-18.jpg\"><img loading=\"lazy\" class=\"size-thumbnail wp-image-9773 alignleft\" src=\"http:\/\/bisbalpenedes.com\/web\/wp-content\/uploads\/2019\/06\/Photo-15-06-2019-11-33-18-150x150.jpg\" alt=\"leo uceda\" width=\"150\" height=\"150\" srcset=\"https:\/\/bisbalpenedes.com\/web\/wp-content\/uploads\/2019\/06\/Photo-15-06-2019-11-33-18-150x150.jpg 150w, https:\/\/bisbalpenedes.com\/web\/wp-content\/uploads\/2019\/06\/Photo-15-06-2019-11-33-18-300x300.jpg 300w, https:\/\/bisbalpenedes.com\/web\/wp-content\/uploads\/2019\/06\/Photo-15-06-2019-11-33-18-100x100.jpg 100w\" sizes=\"(max-width: 150px) 100vw, 150px\" \/><\/a><\/span><strong>Leo Uceda Mart\u00edn (Comprom\u00eds amb la Bisbal)<\/strong><\/h2>\n<h3><span style=\"color: #000000;\">Regidora d&#8217;Esports, Ensenyament, Enllumenat i servei d&#8217;abastament d&#8217;aigua potable i clavegueram, Medi Ambient, Mobilitat i via p\u00fablica i Protecci\u00f3 Animal. <\/span><\/h3>\n<h4 style=\"padding-left: 30px;\">Correu electr\u00f2nic:\u00a0<a style=\"font-size: 16px;\" href=\"mailto:leo@bisbalpenedes.com\">leo@bisbalpenedes.com &#8211;\u00a0<\/a><a href=\"https:\/\/bisbalpenedes.eadministracio.cat\/transparency\/8f823947-3466-4857-9922-adb557d69c48\/\" target=\"_blank\" rel=\"noopener\">Dades biogr\u00e0fiques i curr\u00edculum<\/a><\/h4>\n<h2><a href=\"http:\/\/bisbalpenedes.com\/web\/wp-content\/uploads\/2019\/06\/Photo-15-06-2019-11-36-29.jpg\"><img loading=\"lazy\" class=\"size-thumbnail wp-image-9774 alignleft\" src=\"http:\/\/bisbalpenedes.com\/web\/wp-content\/uploads\/2019\/06\/Photo-15-06-2019-11-36-29-150x150.jpg\" alt=\"feliu gil\" width=\"150\" height=\"150\" srcset=\"https:\/\/bisbalpenedes.com\/web\/wp-content\/uploads\/2019\/06\/Photo-15-06-2019-11-36-29-150x150.jpg 150w, https:\/\/bisbalpenedes.com\/web\/wp-content\/uploads\/2019\/06\/Photo-15-06-2019-11-36-29-300x300.jpg 300w, https:\/\/bisbalpenedes.com\/web\/wp-content\/uploads\/2019\/06\/Photo-15-06-2019-11-36-29-100x100.jpg 100w\" sizes=\"(max-width: 150px) 100vw, 150px\" \/><\/a><\/h2>\n<h2><strong>Feliu Gil Esteve (Comprom\u00eds amb la Bisbal)<\/strong><\/h2>\n<h3 style=\"padding-left: 30px;\"><span style=\"color: #000000;\">Regidor de\u00a0Barris, Festes i Sanitat.<\/span><\/h3>\n<h4 style=\"padding-left: 30px;\">Correu electr\u00f2nic:\u00a0<a href=\"mailto:feliu@bisbalpenedes.com\" target=\"_blank\" rel=\"noopener\">feliu@bisbalpenedes.com<\/a><\/h4>\n<h3><a href=\"https:\/\/bisbalpenedes.eadministracio.cat\/transparency\/8f823947-3466-4857-9922-adb557d69c48\/\" target=\"_blank\" rel=\"noopener\">Dades biogr\u00e0fiques i curr\u00edculum<\/a><\/h3>\n<h2><a href=\"http:\/\/bisbalpenedes.com\/web\/wp-content\/uploads\/2019\/06\/Photo-15-06-2019-11-29-50.jpg\"><img loading=\"lazy\" class=\"size-thumbnail wp-image-9775 alignleft\" src=\"http:\/\/bisbalpenedes.com\/web\/wp-content\/uploads\/2019\/06\/Photo-15-06-2019-11-29-50-150x150.jpg\" alt=\"felix villazan\" width=\"150\" height=\"150\" srcset=\"https:\/\/bisbalpenedes.com\/web\/wp-content\/uploads\/2019\/06\/Photo-15-06-2019-11-29-50-150x150.jpg 150w, https:\/\/bisbalpenedes.com\/web\/wp-content\/uploads\/2019\/06\/Photo-15-06-2019-11-29-50-300x300.jpg 300w, https:\/\/bisbalpenedes.com\/web\/wp-content\/uploads\/2019\/06\/Photo-15-06-2019-11-29-50-100x100.jpg 100w\" sizes=\"(max-width: 150px) 100vw, 150px\" \/><\/a><\/h2>\n<h2 style=\"padding-left: 30px;\"><strong>F\u00e9lix Villaz\u00e1n Ruiz\u00a0(Comprom\u00eds amb la Bisbal)<\/strong><\/h2>\n<h3 style=\"padding-left: 30px;\"><span style=\"color: #000000;\">Regidor de Seguretat Ciutadana, Gesti\u00f3 de residus i Joventut.<\/span><\/h3>\n<h4 style=\"padding-left: 30px;\">Correu electr\u00f2nic: <a href=\"mailto:felix@bisbalpenedes.com\" target=\"_blank\" rel=\"noopener\">felix@bisbalpenedes.com<\/a><\/h4>\n<h3><a href=\"https:\/\/bisbalpenedes.eadministracio.cat\/transparency\/8f823947-3466-4857-9922-adb557d69c48\/\" target=\"_blank\" rel=\"noopener\">Dades biogr\u00e0fiques i curr\u00edculum<\/a><\/h3>\n<h2 style=\"text-align: left;\"><a href=\"http:\/\/bisbalpenedes.com\/web\/wp-content\/uploads\/2019\/06\/Photo-15-06-2019-11-31-11.jpg\"><img loading=\"lazy\" class=\"size-thumbnail wp-image-9776 alignleft\" src=\"http:\/\/bisbalpenedes.com\/web\/wp-content\/uploads\/2019\/06\/Photo-15-06-2019-11-31-11-150x150.jpg\" alt=\"Francisca Cepas\" width=\"150\" height=\"150\" srcset=\"https:\/\/bisbalpenedes.com\/web\/wp-content\/uploads\/2019\/06\/Photo-15-06-2019-11-31-11-150x150.jpg 150w, https:\/\/bisbalpenedes.com\/web\/wp-content\/uploads\/2019\/06\/Photo-15-06-2019-11-31-11-300x300.jpg 300w, https:\/\/bisbalpenedes.com\/web\/wp-content\/uploads\/2019\/06\/Photo-15-06-2019-11-31-11-100x100.jpg 100w\" sizes=\"(max-width: 150px) 100vw, 150px\" \/><\/a><\/h2>\n<h2 style=\"text-align: left;\"><\/h2>\n<h2 style=\"text-align: left;\"><strong>Paqui Cepas Garc\u00eda (Comprom\u00eds amb la Bisbal)<\/strong><\/h2>\n<h3 style=\"text-align: left;\"><span style=\"color: #000000;\">Regidora de Benestar Social i habitatge, Gent Gran i Atenci\u00f3 a la Ciutadania<\/span><\/h3>\n<h4 style=\"padding-left: 30px;\">Correu electr\u00f2nic: <a href=\"mailto:paqui@bisbalpenedes.com\" target=\"_blank\" rel=\"noopener\">paqui@bisbalpenedes.com<\/a><\/h4>\n<h3><a href=\"https:\/\/bisbalpenedes.eadministracio.cat\/transparency\/8f823947-3466-4857-9922-adb557d69c48\/\" target=\"_blank\" rel=\"noopener\">Dades biogr\u00e0fiques i curr\u00edculum<\/a><\/h3>\n<h2><strong>Oposici\u00f3:<\/strong><\/h2>\n<p><img loading=\"lazy\" class=\"wp-image-17680 size-thumbnail alignleft\" src=\"https:\/\/bisbalpenedes.com\/web\/wp-content\/uploads\/2021\/05\/20210510_68272063_2328514213903266_7585303151184445440_o-e1620725455611-150x150.jpg\" alt=\"\" width=\"150\" height=\"150\" srcset=\"https:\/\/bisbalpenedes.com\/web\/wp-content\/uploads\/2021\/05\/20210510_68272063_2328514213903266_7585303151184445440_o-e1620725455611-150x150.jpg 150w, https:\/\/bisbalpenedes.com\/web\/wp-content\/uploads\/2021\/05\/20210510_68272063_2328514213903266_7585303151184445440_o-e1620725455611-300x300.jpg 300w, https:\/\/bisbalpenedes.com\/web\/wp-content\/uploads\/2021\/05\/20210510_68272063_2328514213903266_7585303151184445440_o-e1620725455611-100x100.jpg 100w\" sizes=\"(max-width: 150px) 100vw, 150px\" \/><\/p>\n<h2 style=\"text-align: left;\"><\/h2>\n<h2 style=\"text-align: left;\">Daniel Caballero Casta\u00f1o (PSC)<\/h2>\n<h3 style=\"text-align: left;\"><span style=\"color: #000000;\">&#8211;<a href=\"mailto:caballero.psc@bisbalpenedes.com\">caballero.psc@bisbalpenedes.com<\/a><\/span><\/h3>\n<h4 style=\"padding-left: 30px;\">&#8211;<\/h4>\n<h3><a href=\"https:\/\/bisbalpenedes.eadministracio.cat\/transparency\/8f823947-3466-4857-9922-adb557d69c48\/\" target=\"_blank\" rel=\"noopener\">Dades biogr\u00e0fiques i curr\u00edculum<\/a><\/h3>\n<p><img loading=\"lazy\" class=\"alignleft size-thumbnail wp-image-14439\" src=\"http:\/\/bisbalpenedes.com\/web\/wp-content\/uploads\/2017\/09\/JOSE-MARIA-CUADROS-PSC-150x150.jpg\" alt=\"Jos\u00e9 Mar\u00eda Cuadros S\u00e1nchez\" width=\"150\" height=\"150\" srcset=\"https:\/\/bisbalpenedes.com\/web\/wp-content\/uploads\/2017\/09\/JOSE-MARIA-CUADROS-PSC-150x150.jpg 150w, https:\/\/bisbalpenedes.com\/web\/wp-content\/uploads\/2017\/09\/JOSE-MARIA-CUADROS-PSC-300x300.jpg 300w, https:\/\/bisbalpenedes.com\/web\/wp-content\/uploads\/2017\/09\/JOSE-MARIA-CUADROS-PSC-100x100.jpg 100w\" sizes=\"(max-width: 150px) 100vw, 150px\" \/><\/p>\n<h2 style=\"text-align: left;\"><\/h2>\n<h2 style=\"text-align: left;\">Jos\u00e9 Mar\u00eda Cuadros S\u00e1nchez (PSC)<\/h2>\n<h3 style=\"text-align: left;\"><span style=\"color: #000000;\">&#8211;<a href=\"mailto:cuadros.psc@bisbalpenedes.com\">cuadros.psc@bisbalpenedes.com<\/a><\/span><\/h3>\n<h3>&#8211;<\/h3>\n<h3><a href=\"https:\/\/bisbalpenedes.eadministracio.cat\/transparency\/8f823947-3466-4857-9922-adb557d69c48\/\" target=\"_blank\" rel=\"noopener\">Dades biogr\u00e0fiques i curr\u00edculum<\/a><\/h3>\n<p><img loading=\"lazy\" class=\"wp-image-17678 size-thumbnail alignleft\" src=\"https:\/\/bisbalpenedes.com\/web\/wp-content\/uploads\/2021\/05\/20210510_Foto-oficial-regidor-150x150.png\" alt=\"\" width=\"150\" height=\"150\" srcset=\"https:\/\/bisbalpenedes.com\/web\/wp-content\/uploads\/2021\/05\/20210510_Foto-oficial-regidor-150x150.png 150w, https:\/\/bisbalpenedes.com\/web\/wp-content\/uploads\/2021\/05\/20210510_Foto-oficial-regidor-300x300.png 300w, https:\/\/bisbalpenedes.com\/web\/wp-content\/uploads\/2021\/05\/20210510_Foto-oficial-regidor-100x100.png 100w\" sizes=\"(max-width: 150px) 100vw, 150px\" \/><\/p>\n<h2 style=\"text-align: left;\"><\/h2>\n<h2 style=\"text-align: left;\">Xavier Faura Burgos (Units per la Bisbal \u2013 FIC)<\/h2>\n<h3 style=\"text-align: left;\"><span style=\"color: #000000;\">&#8211;<a href=\"mailto:faura.units@bisbalpenedes.com\">faura.units@bisbalpenedes.com<\/a><\/span><\/h3>\n<h3>&#8211;<\/h3>\n<h3><a href=\"https:\/\/bisbalpenedes.eadministracio.cat\/transparency\/8f823947-3466-4857-9922-adb557d69c48\/\" target=\"_blank\" rel=\"noopener\">Dades biogr\u00e0fiques i curr\u00edculum<\/a><\/h3>\n<p><img loading=\"lazy\" class=\"alignleft size-thumbnail wp-image-14448\" src=\"http:\/\/bisbalpenedes.com\/web\/wp-content\/uploads\/2017\/09\/Foto-Maguy-definitiva-150x150.jpg\" alt=\"Margarita Antol\u00edn Manso\" width=\"150\" height=\"150\" srcset=\"https:\/\/bisbalpenedes.com\/web\/wp-content\/uploads\/2017\/09\/Foto-Maguy-definitiva-150x150.jpg 150w, https:\/\/bisbalpenedes.com\/web\/wp-content\/uploads\/2017\/09\/Foto-Maguy-definitiva-300x300.jpg 300w, https:\/\/bisbalpenedes.com\/web\/wp-content\/uploads\/2017\/09\/Foto-Maguy-definitiva-100x100.jpg 100w\" sizes=\"(max-width: 150px) 100vw, 150px\" \/><\/p>\n<h2 style=\"text-align: left;\"><\/h2>\n<h2 style=\"text-align: left;\">Margarita Antol\u00edn Manso (Ara la Bisbal)<\/h2>\n<h3 style=\"text-align: left;\"><span style=\"color: #000000;\">&#8211;<a href=\"mailto:antolin.ara@bisbalpenedes.com\">antolin.ara@bisbalpenedes.com<\/a><\/span><\/h3>\n<h4 style=\"padding-left: 30px;\">&#8211;<\/h4>\n<h3><a href=\"https:\/\/bisbalpenedes.eadministracio.cat\/transparency\/8f823947-3466-4857-9922-adb557d69c48\/\" target=\"_blank\" rel=\"noopener\">Dades biogr\u00e0fiques i curr\u00edculum<\/a><\/h3>\n<p><img loading=\"lazy\" class=\"alignleft size-thumbnail wp-image-14449\" src=\"http:\/\/bisbalpenedes.com\/web\/wp-content\/uploads\/2017\/09\/SILVIA-MONFORT-ERC-150x150.jpg\" alt=\"Silvia Monfort Costa\" width=\"150\" height=\"150\" srcset=\"https:\/\/bisbalpenedes.com\/web\/wp-content\/uploads\/2017\/09\/SILVIA-MONFORT-ERC-150x150.jpg 150w, https:\/\/bisbalpenedes.com\/web\/wp-content\/uploads\/2017\/09\/SILVIA-MONFORT-ERC-300x300.jpg 300w, https:\/\/bisbalpenedes.com\/web\/wp-content\/uploads\/2017\/09\/SILVIA-MONFORT-ERC-100x100.jpg 100w\" sizes=\"(max-width: 150px) 100vw, 150px\" \/><\/p>\n<h2 style=\"text-align: left;\"><\/h2>\n<h2 style=\"text-align: left;\">Silvia Monfort Costa (ERC-AM)<\/h2>\n<h3 style=\"text-align: left;\"><span style=\"color: #000000;\">&#8211;<a href=\"mailto:monfort.erc@bisbalpenedes.com\">monfort.erc@bisbalpenedes.com<\/a><\/span><\/h3>\n<h4 style=\"padding-left: 30px;\">&#8211;<\/h4>\n<h3><a href=\"https:\/\/bisbalpenedes.eadministracio.cat\/transparency\/8f823947-3466-4857-9922-adb557d69c48\/\" target=\"_blank\" rel=\"noopener\">Dades biogr\u00e0fiques i curr\u00edculum<\/a><\/h3>\n","protected":false},"excerpt":{"rendered":"<p>La Corporaci\u00f3 municipal conformada a partir dels resultats de les eleccions del 28 de maig de 2023 la podeu trobar accedint a l&#8217;enlla\u00e7: Corporaci\u00f3 Municipal 2023-27 \u2013 Ajuntament de la &hellip; <a href=\"https:\/\/bisbalpenedes.com\/web\/corporacio-municipal\/\" class=\"more-link\">Read More<\/a><\/p>\n","protected":false},"author":1,"featured_media":0,"parent":0,"menu_order":0,"comment_status":"closed","ping_status":"closed","template":"","meta":[],"_links":{"self":[{"href":"https:\/\/bisbalpenedes.com\/web\/wp-json\/wp\/v2\/pages\/3191"}],"collection":[{"href":"https:\/\/bisbalpenedes.com\/web\/wp-json\/wp\/v2\/pages"}],"about":[{"href":"https:\/\/bisbalpenedes.com\/web\/wp-json\/wp\/v2\/types\/page"}],"author":[{"embeddable":true,"href":"https:\/\/bisbalpenedes.com\/web\/wp-json\/wp\/v2\/users\/1"}],"replies":[{"embeddable":true,"href":"https:\/\/bisbalpenedes.com\/web\/wp-json\/wp\/v2\/comments?post=3191"}],"version-history":[{"count":89,"href":"https:\/\/bisbalpenedes.com\/web\/wp-json\/wp\/v2\/pages\/3191\/revisions"}],"predecessor-version":[{"id":26771,"href":"https:\/\/bisbalpenedes.com\/web\/wp-json\/wp\/v2\/pages\/3191\/revisions\/26771"}],"wp:attachment":[{"href":"https:\/\/bisbalpenedes.com\/web\/wp-json\/wp\/v2\/media?parent=3191"}],"curies":[{"name":"wp","href":"https:\/\/api.w.org\/{rel}","templated":true}]}}