{"id":18666,"date":"2021-07-22T10:15:57","date_gmt":"2021-07-22T08:15:57","guid":{"rendered":"https:\/\/bisbalpenedes.com\/web\/?page_id=18666"},"modified":"2021-08-13T00:01:32","modified_gmt":"2021-08-12T22:01:32","slug":"festa-major-2021","status":"publish","type":"page","link":"https:\/\/bisbalpenedes.com\/web\/festa-major-2021\/","title":{"rendered":"FESTA MAJOR 2021"},"content":{"rendered":"\n<div class=\"wp-container-1 wp-block-group has-background\" style=\"background-color:#ffff33\"><div class=\"wp-block-group__inner-container\">\n<p><strong>Persistim! resistim! seguim de festa major!<\/strong><br>S\u2019acosta la Festa Major del 15 d\u2019agost, de la Mare de D\u00e9u d\u2019agost, la<br>festa de tots els bisbalencs i bisbalenques que vivim als diferents nuclis del municipi: el poble, l\u2019Ortig\u00f3s, el Papagai, el Priorat, la Miralba, Can Gordei, Esplai, la Masieta i la pineda de Santa Cristina.<br><strong>Persistim<\/strong> en gaudir de la nostra Festa Major! \u00c9s la segona Festa Major -i esperem que l\u2019\u00faltima- que vivim de manera diferent amb restriccions, mascaretes, dist\u00e0ncies i amb la responsabilitat de tots per seguir endavant amb for\u00e7a.<br><strong>Resistim<\/strong> en seguir organitzant la Festa Major estant pendents cada dia de les actualitzacions del Procicat, per adequar la Festa i fer-la segura perqu\u00e8 la puguem gaudir. Una Festa Major on totes les entitats hi posen moltes hores de treball i molta il\u00b7lusi\u00f3 i aquesta \u00e9s la m\u00e0gia de la nostra Festa!<br><strong>Seguim de Festa Major!<\/strong> Us convido a tots i totes a gaudir de les activitats organitzades del 12 al 17 d\u2019agost amb jocs, ball, concerts, espectacles, castells i moltes m\u00e9s activitats!<br>Us mereixeu la millor Festa Major!<br>Visca La Bisbal del Pened\u00e8s i la nostra Festa Major!<br>Agn\u00e8s Ferr\u00e9 Ca\u00f1ellas, l\u2019alcaldessa<\/p>\n<\/div><\/div>\n\n\n<p>Informaci\u00f3 important:<br>Durant tots els actes de la Festa Major es compliran els requeriments&nbsp; establerts per les autoritats sanit\u00e0ries per la situaci\u00f3 actual de pand\u00e8mia.<\/p>\n<p>\u00c9s necessari el distanciament f\u00edsic, i la utilitzaci\u00f3 correcta de la mascareta en tot moment<\/p>\n<p>Els horaris, ubicacions o espectacles poden variar en funci\u00f3 de les mesures Anti-covid establertes pel PROCICAT<\/p>\n<p><\/p>\n\n\n<p class=\"has-background has-medium-font-size\" style=\"background-color:#f5ff5c\"><\/p>\n\n\n\n<hr class=\"wp-block-separator\"\/>\n\n\n\n<div class=\"wp-block-image is-style-default\"><figure class=\"aligncenter size-large is-resized\"><img loading=\"lazy\" src=\"https:\/\/bisbalpenedes.com\/web\/wp-content\/uploads\/2021\/08\/but_act-1-1024x215.jpg\" alt=\"\" class=\"wp-image-18781\" width=\"512\" height=\"108\" srcset=\"https:\/\/bisbalpenedes.com\/web\/wp-content\/uploads\/2021\/08\/but_act-1-1024x215.jpg 1024w, https:\/\/bisbalpenedes.com\/web\/wp-content\/uploads\/2021\/08\/but_act-1-600x126.jpg 600w, https:\/\/bisbalpenedes.com\/web\/wp-content\/uploads\/2021\/08\/but_act-1-300x63.jpg 300w, https:\/\/bisbalpenedes.com\/web\/wp-content\/uploads\/2021\/08\/but_act-1-768x161.jpg 768w, https:\/\/bisbalpenedes.com\/web\/wp-content\/uploads\/2021\/08\/but_act-1.jpg 1417w\" sizes=\"(max-width: 512px) 100vw, 512px\" \/><\/figure><\/div>\n\n\n\n<div class=\"wp-block-image\"><figure class=\"aligncenter size-large is-resized\"><img loading=\"lazy\" src=\"https:\/\/bisbalpenedes.com\/web\/wp-content\/uploads\/2021\/08\/but_prei-1024x215.jpg\" alt=\"\" class=\"wp-image-18782\" width=\"512\" height=\"108\" srcset=\"https:\/\/bisbalpenedes.com\/web\/wp-content\/uploads\/2021\/08\/but_prei-1024x215.jpg 1024w, https:\/\/bisbalpenedes.com\/web\/wp-content\/uploads\/2021\/08\/but_prei-600x126.jpg 600w, https:\/\/bisbalpenedes.com\/web\/wp-content\/uploads\/2021\/08\/but_prei-300x63.jpg 300w, https:\/\/bisbalpenedes.com\/web\/wp-content\/uploads\/2021\/08\/but_prei-768x161.jpg 768w, https:\/\/bisbalpenedes.com\/web\/wp-content\/uploads\/2021\/08\/but_prei.jpg 1417w\" sizes=\"(max-width: 512px) 100vw, 512px\" \/><\/figure><\/div>\n\n\n\n<div class=\"wp-block-image\"><figure class=\"aligncenter size-large is-resized\"><img loading=\"lazy\" src=\"https:\/\/bisbalpenedes.com\/web\/wp-content\/uploads\/2021\/08\/but_correfoc-1024x215.jpg\" alt=\"\" class=\"wp-image-18783\" width=\"512\" height=\"108\" srcset=\"https:\/\/bisbalpenedes.com\/web\/wp-content\/uploads\/2021\/08\/but_correfoc-1024x215.jpg 1024w, https:\/\/bisbalpenedes.com\/web\/wp-content\/uploads\/2021\/08\/but_correfoc-600x126.jpg 600w, https:\/\/bisbalpenedes.com\/web\/wp-content\/uploads\/2021\/08\/but_correfoc-300x63.jpg 300w, https:\/\/bisbalpenedes.com\/web\/wp-content\/uploads\/2021\/08\/but_correfoc-768x161.jpg 768w, https:\/\/bisbalpenedes.com\/web\/wp-content\/uploads\/2021\/08\/but_correfoc.jpg 1417w\" sizes=\"(max-width: 512px) 100vw, 512px\" \/><\/figure><\/div>\n\n\n\n<div class=\"wp-block-image\"><figure class=\"aligncenter size-large is-resized\"><img loading=\"lazy\" src=\"https:\/\/bisbalpenedes.com\/web\/wp-content\/uploads\/2021\/08\/but_graller-1024x215.jpg\" alt=\"\" class=\"wp-image-18792\" width=\"512\" height=\"108\" srcset=\"https:\/\/bisbalpenedes.com\/web\/wp-content\/uploads\/2021\/08\/but_graller-1024x215.jpg 1024w, https:\/\/bisbalpenedes.com\/web\/wp-content\/uploads\/2021\/08\/but_graller-600x126.jpg 600w, https:\/\/bisbalpenedes.com\/web\/wp-content\/uploads\/2021\/08\/but_graller-300x63.jpg 300w, https:\/\/bisbalpenedes.com\/web\/wp-content\/uploads\/2021\/08\/but_graller-768x161.jpg 768w, https:\/\/bisbalpenedes.com\/web\/wp-content\/uploads\/2021\/08\/but_graller.jpg 1417w\" sizes=\"(max-width: 512px) 100vw, 512px\" \/><\/figure><\/div>\n\n\n\n<div class=\"wp-block-image\"><figure class=\"aligncenter size-large is-resized\"><img loading=\"lazy\" src=\"https:\/\/bisbalpenedes.com\/web\/wp-content\/uploads\/2021\/08\/but_ginc-1024x215.jpg\" alt=\"\" class=\"wp-image-18793\" width=\"512\" height=\"108\" srcset=\"https:\/\/bisbalpenedes.com\/web\/wp-content\/uploads\/2021\/08\/but_ginc-1024x215.jpg 1024w, https:\/\/bisbalpenedes.com\/web\/wp-content\/uploads\/2021\/08\/but_ginc-600x126.jpg 600w, https:\/\/bisbalpenedes.com\/web\/wp-content\/uploads\/2021\/08\/but_ginc-300x63.jpg 300w, https:\/\/bisbalpenedes.com\/web\/wp-content\/uploads\/2021\/08\/but_ginc-768x161.jpg 768w, https:\/\/bisbalpenedes.com\/web\/wp-content\/uploads\/2021\/08\/but_ginc.jpg 1417w\" sizes=\"(max-width: 512px) 100vw, 512px\" \/><\/figure><\/div>\n\n\n\n<div class=\"wp-block-image\"><figure class=\"aligncenter size-large is-resized\"><img loading=\"lazy\" src=\"https:\/\/bisbalpenedes.com\/web\/wp-content\/uploads\/2021\/08\/but_assa-1024x215.jpg\" alt=\"\" class=\"wp-image-18794\" width=\"512\" height=\"108\" srcset=\"https:\/\/bisbalpenedes.com\/web\/wp-content\/uploads\/2021\/08\/but_assa-1024x215.jpg 1024w, https:\/\/bisbalpenedes.com\/web\/wp-content\/uploads\/2021\/08\/but_assa-600x126.jpg 600w, https:\/\/bisbalpenedes.com\/web\/wp-content\/uploads\/2021\/08\/but_assa-300x63.jpg 300w, https:\/\/bisbalpenedes.com\/web\/wp-content\/uploads\/2021\/08\/but_assa-768x161.jpg 768w, https:\/\/bisbalpenedes.com\/web\/wp-content\/uploads\/2021\/08\/but_assa.jpg 1417w\" sizes=\"(max-width: 512px) 100vw, 512px\" \/><\/figure><\/div>\n\n\n\n<pre class=\"wp-block-preformatted\">Ajuntament de la Bisbal del Pened\u00e8s. Regidoria de Cultura\nwww.bisbalpenedes.com. Design vectors base (C) by Freepik, Macrovector, Pikisuperstar and Upklyak modified by Kta<\/pre>\n","protected":false},"excerpt":{"rendered":"<p>Persistim! resistim! seguim de festa major!S\u2019acosta la Festa Major del 15 d\u2019agost, de la Mare de D\u00e9u d\u2019agost, lafesta de tots els bisbalencs i bisbalenques que vivim als diferents nuclis &hellip; <a href=\"https:\/\/bisbalpenedes.com\/web\/festa-major-2021\/\" class=\"more-link\">Read More<\/a><\/p>\n","protected":false},"author":1,"featured_media":18771,"parent":0,"menu_order":0,"comment_status":"closed","ping_status":"closed","template":"","meta":[],"_links":{"self":[{"href":"https:\/\/bisbalpenedes.com\/web\/wp-json\/wp\/v2\/pages\/18666"}],"collection":[{"href":"https:\/\/bisbalpenedes.com\/web\/wp-json\/wp\/v2\/pages"}],"about":[{"href":"https:\/\/bisbalpenedes.com\/web\/wp-json\/wp\/v2\/types\/page"}],"author":[{"embeddable":true,"href":"https:\/\/bisbalpenedes.com\/web\/wp-json\/wp\/v2\/users\/1"}],"replies":[{"embeddable":true,"href":"https:\/\/bisbalpenedes.com\/web\/wp-json\/wp\/v2\/comments?post=18666"}],"version-history":[{"count":21,"href":"https:\/\/bisbalpenedes.com\/web\/wp-json\/wp\/v2\/pages\/18666\/revisions"}],"predecessor-version":[{"id":26555,"href":"https:\/\/bisbalpenedes.com\/web\/wp-json\/wp\/v2\/pages\/18666\/revisions\/26555"}],"wp:featuredmedia":[{"embeddable":true,"href":"https:\/\/bisbalpenedes.com\/web\/wp-json\/wp\/v2\/media\/18771"}],"wp:attachment":[{"href":"https:\/\/bisbalpenedes.com\/web\/wp-json\/wp\/v2\/media?parent=18666"}],"curies":[{"name":"wp","href":"https:\/\/api.w.org\/{rel}","templated":true}]}}