{"id":10843,"date":"2019-10-15T09:18:13","date_gmt":"2019-10-15T08:18:13","guid":{"rendered":"http:\/\/bisbalpenedes.com\/web\/?page_id=10843"},"modified":"2020-06-16T10:15:19","modified_gmt":"2020-06-16T08:15:19","slug":"subvencions-2019-2020","status":"publish","type":"page","link":"https:\/\/bisbalpenedes.com\/web\/subvencions-2019-2020\/","title":{"rendered":"Subvencions 2019-2020"},"content":{"rendered":"<p>Models per a sol.licitar les subvencions de l&#8217;Ajuntament de la Bisbal del Pened\u00e8s de l&#8217;exercici 2019-2020<\/p>\n<h2><span style=\"font-size: 1 em;\">SUBVENCIONS EN MAT\u00c8RIA DE CULTURA 2020<\/span><\/h2>\n<p><a href=\"http:\/\/bisbalpenedes.com\/web\/wp-content\/uploads\/2019\/10\/Sol_subv_ent_cul_2020.pdf\" target=\"new\">1.Sol.licitud de subvenci\u00f3 entitats culturals 2020<\/a><br \/>\n<a href=\"http:\/\/bisbalpenedes.com\/web\/wp-content\/uploads\/2019\/10\/dec_resp_ent_cul_2020.pdf\" target=\"new\">2.Declaraci\u00f3 responsable entitats culturals 2020<\/a><br \/>\n<a href=\"http:\/\/bisbalpenedes.com\/web\/wp-content\/uploads\/2019\/10\/Dad_banc_ent_cul_2020.pdf\" target=\"new\">3.Dades banc\u00e0ries entitats culturals 2020<\/a><br \/>\n<a href=\"http:\/\/bisbalpenedes.com\/web\/wp-content\/uploads\/2019\/10\/Sol_just_ent_cult_2020.pdf\" target=\"new\">4.Sol.licitud justificaci\u00f3 entitats culturals 2020<\/a><br \/>\n<a href=\"http:\/\/bisbalpenedes.com\/web\/wp-content\/uploads\/2019\/10\/Prog_-pres_ent_cul_2020.pdf\" target=\"new\">5.Proggrama i pressupost previstos entitats culturals 2020<\/a><\/p>\n<h2><span style=\"font-size: 1 em;\">SUBVENCIONS A LES PERSONES DESOCUPADES QUE S\u2019HAGIN ESTABLERT COM A AUT\u00d2NOMES DURANT L\u2019ANY 2019<\/span><\/h2>\n<p><a href=\"http:\/\/bisbalpenedes.com\/web\/wp-content\/uploads\/2019\/10\/Sol_aut_2020.pdf\" target=\"new\">1. SOL.LICITUD SUBVENCIO PER A LES PERSONES DESOCUPADES QUE S\u2019HAGIN ESTABLERT COM A AUT\u00d2NOMES DURANT L\u2019ANY 2019<\/a><br \/>\n<a href=\"http:\/\/bisbalpenedes.com\/web\/wp-content\/uploads\/2019\/10\/Decl_resp_aut_2020.pdf\" target=\"new\">2. DECLARACI\u00d3 RESPONSABLE<\/a><br \/>\n<a href=\"http:\/\/bisbalpenedes.com\/web\/wp-content\/uploads\/2019\/10\/Dad_banc_aut_2020.pdf\" target=\"new\">3. DOCUMENT DE LES DADES BANC\u00c0RIES<\/a><\/p>\n<h2><span style=\"font-size: 1 em;\">SUBVENCIONS A PERSONES I UNITATS FAMILIARS AFECTADES PEL COVID MAIG DE 2020<\/span><\/h2>\n<p><a href=\"https:\/\/bisbalpenedes.com\/web\/2020\/05\/20\/subvencions-a-persones-i-unitats-familiars-afectades-ple-covid\/\" rel=\"noopener\" target=\"_blank\">ENLLA\u00c7 SUBVENCIONS A PERSONES I UNITATS FAMILIARS AFECTADES PEL COVID MAIG DE 2020<\/a><\/p>\n<h2><span style=\"font-size: 1 em;\">SUBVENCIONS A LES PERSONES AUT\u00d2NOMES I PETITES EMPRESES DE LA BISBAL DEL PENED\u00c8S AFECTADES PER LA SITUACI\u00d3 GENERADA PER LA COVID-19 MAIG DE 2020<\/span><\/h2>\n<p><a href=\"https:\/\/bisbalpenedes.com\/web\/2020\/05\/20\/subvencions-per-a-autonoms-i-petites-empreses-afectades-pel-covid\/\" rel=\"noopener\" target=\"_blank\">ENLLA\u00c7 SUBVENCIONS A AUT\u00d2NOMS I PETITES EMPRESES AFECTADES PEL COVID MAIG DE 2020<\/a><\/p>\n<h2><span style=\"font-size: 1 em;\">SUBVENCI\u00d3 PER AL TRANSPORT ESCOLAR INTRAMUNICIPAL DEL CONSELL COMARCAL DEL BAIX PENED\u00c8S PER AL CURS 2019 \u2013 2020<\/span><\/h2>\n<p><a href=\"http:\/\/bisbalpenedes.com\/web\/wp-content\/uploads\/2019\/10\/20200217solsubvtrans.pdf\">1.MODEL DE SOL.LICITUD DE LA SUBVENCI\u00d3 DE TRANSPORT ESCOLAR INTRAMUNICIPAL DEL CONSELL COMARCAL DEL BAIX PENED\u00c8S PER AL CURS 2019 \u2013 2020<\/a><br \/>\n<a href=\"http:\/\/bisbalpenedes.com\/web\/wp-content\/uploads\/2019\/10\/20200121dadbanctrans.pdf\">2.DADES BANC\u00c0RIES SUBVENCI\u00d3 DE TRANSPORT ESCOLAR INTRAMUNICIPAL DEL CONSELL COMARCAL DEL BAIX PENED\u00c8S PER AL CURS 2019 \u2013 2020<\/a><br \/>\n<a href=\"http:\/\/bisbalpenedes.com\/web\/wp-content\/uploads\/2019\/10\/20200121accepsubvtrans.pdf\">3.ACCEPTACI\u00d3 DE LA SUBVENCI\u00d3 DE TRANSPORT ESCOLAR INTRAMUNICIPAL DEL CONSELL COMARCAL DEL BAIX PENED\u00c8S PER AL CURS 2019 \u2013 2020<\/a><\/p>\n<h2><span style=\"font-size: 1 em;\">SUBVENCI\u00d3 LLIBRES DE TEXT 2019-2020<\/span><\/h2>\n<p><a href=\"http:\/\/bisbalpenedes.com\/web\/wp-content\/uploads\/2019\/10\/1_Solsubtext20192020.pdf\">1.MODEL DE SOL.LICITUD DE LA SUBVENCI\u00d3 DE LLIBRES DE TEXT 2019-2020<\/a><br \/>\n<a href=\"http:\/\/bisbalpenedes.com\/web\/wp-content\/uploads\/2019\/10\/2_Dadesbanctext20192020.pdf\">2.DADES BANC\u00c0RIES SUBVENCI\u00d3 DE LLIBRES DE TEXT 2019-2020<\/a><br \/>\n<a href=\"http:\/\/bisbalpenedes.com\/web\/wp-content\/uploads\/2019\/10\/3_Acceptaciotext20192020.pdf\">3.ACCEPTACI\u00d3 DE LA SUBVENCI\u00d3 DE LLIBRES DE TEXT 2019-2020<\/a><\/p>\n<h2><span style=\"font-size: 1 em;\">SUBVENCI\u00d3 MENJADOR ESCOLAR 2019-2020<\/span><\/h2>\n<p><a href=\"http:\/\/bisbalpenedes.com\/web\/wp-content\/uploads\/2019\/10\/1_Solsubvmenjador20192020.pdf\">1. MODEL DE SOL.LICITUD DE SUBVENCI\u00d3 DE MENJADOR ESCOLAR<\/a><br \/>\n<a href=\"http:\/\/bisbalpenedes.com\/web\/wp-content\/uploads\/2019\/10\/2_Dadesbancmenjador20192020.pdf\">2. DADES BANC\u00c0RIES SUBVENCI\u00d3 MENJADOR ESCOLAR<\/a><br \/>\n<a href=\"http:\/\/bisbalpenedes.com\/web\/wp-content\/uploads\/2019\/10\/3_Accepsubvmenjador20192020.pdf\">3. ACCEPTACI\u00d3 DE LA SUBVENCI\u00d3 DEDEL MENJADOR ESCOLAR<\/a><\/p>\n<h2><span style=\"font-size: 1 em;\">SUBVENCI\u00d3 ENTITATS ESPORTIVES 2019-2020<\/span><\/h2>\n<p><a href=\"http:\/\/bisbalpenedes.com\/web\/wp-content\/uploads\/2019\/10\/1_Solsubvesport2019.pdf\">1. MODEL DE SOL.LICITUD DE LA SUBVENCI\u00d3 D&#8217;ENTITATS ESPORTIVES<\/a><br \/>\n<a href=\"http:\/\/bisbalpenedes.com\/web\/wp-content\/uploads\/2019\/10\/2_Progpresesport2019.pdf\">2. PROGRAMA I PRESSUPOST PREVISTOS ENTITATS ESPORTIVES<\/a><br \/>\n<a href=\"http:\/\/bisbalpenedes.com\/web\/wp-content\/uploads\/2019\/10\/3_Declrespesport2019.pdf\">3. DECLARACI\u00d3 RESPONSABLE ENTITATS ESPORTIVES<\/a><br \/>\n<a href=\"http:\/\/bisbalpenedes.com\/web\/wp-content\/uploads\/2019\/10\/4_Dadbancesport2019.pdf\">4. DADES BANC\u00c0RIES ENTITATS ESPORTIVES<\/a><br \/>\n<a href=\"http:\/\/bisbalpenedes.com\/web\/wp-content\/uploads\/2019\/10\/5_Accepsubvesport2019.pdf\">5. ACCEPTACI\u00d3 SUBVENCI\u00d3 ENTITATS ESPORTIVES<\/a><br \/>\n<a href=\"http:\/\/bisbalpenedes.com\/web\/wp-content\/uploads\/2019\/10\/6_Soljustifesport2019.pdf\">6. SOL.LICITUD JUSTIFICACI\u00d3 ENTITATS ESPORTIVES<\/a><\/p>\n<h2><span style=\"font-size: 1 em;\">SUBVENCI\u00d3 ENTITATS CULTURALS 2019-2020<\/span><\/h2>\n<p><a href=\"http:\/\/bisbalpenedes.com\/web\/wp-content\/uploads\/2019\/10\/1_Solsubvcult2019.pdf\">1. MODEL DE SOL.LICITUD DE LA SUBVENCI\u00d3 D&#8217;ENTITATS CULTURALS<\/a><br \/>\n<a href=\"http:\/\/bisbalpenedes.com\/web\/wp-content\/uploads\/2019\/10\/2_Progprescult2019.pdf\">2. PROGRAMA I PRESSUPOST PREVISTOS ENTITATS CULTURALS<\/a><br \/>\n<a href=\"http:\/\/bisbalpenedes.com\/web\/wp-content\/uploads\/2019\/10\/3_Declrespcult2019.pdf\">3. DECLARACI\u00d3 RESPONSABLE ENTITATS CULTURALS<\/a><br \/>\n<a href=\"http:\/\/bisbalpenedes.com\/web\/wp-content\/uploads\/2019\/10\/4_Dadbanccult2019.pdf\">4. DADES BANC\u00c0RIES ENTITATS CULTURALS<\/a><br \/>\n<a href=\"http:\/\/bisbalpenedes.com\/web\/wp-content\/uploads\/2019\/10\/5_Accepsubvcult2019.pdf\">5. ACCEPTACI\u00d3 SUBVENCI\u00d3 ENTITATS CULTURALS<\/a><br \/>\n<a href=\"http:\/\/bisbalpenedes.com\/web\/wp-content\/uploads\/2019\/10\/6_Soljustifcult2019.pdf\">6. SOL.LICITUD JUSTIFICACI\u00d3 ENTITATS CULTURALS<\/a><\/p>\n<h2><span style=\"font-size: 1 em;\">SUBVENCI\u00d3 NATALITAT I ADOPCI\u00d3 2019-2020<\/span><\/h2>\n<p><a href=\"http:\/\/bisbalpenedes.com\/web\/wp-content\/uploads\/2019\/10\/Sol_subv_Nat_ado2019B.pdf\">1. MODEL DE SOL.LICITUD DE LA SUBVENCI\u00d3 DE NATALITAT I ADOPCI\u00d3<\/a><br \/>\n<a href=\"http:\/\/bisbalpenedes.com\/web\/wp-content\/uploads\/2019\/10\/Accept_subv_Na_ado2019B.pdf\">2. ACCEPTACI\u00d3 SUBVENCI\u00d3 DE NATALITAT I ADOPCI\u00d3<\/a><\/p>\n","protected":false},"excerpt":{"rendered":"<p>Models per a sol.licitar les subvencions de l&#8217;Ajuntament de la Bisbal del Pened\u00e8s de l&#8217;exercici 2019-2020 SUBVENCIONS EN MAT\u00c8RIA DE CULTURA 2020 1.Sol.licitud de subvenci\u00f3 entitats culturals 2020 2.Declaraci\u00f3 responsable &hellip; <a href=\"https:\/\/bisbalpenedes.com\/web\/subvencions-2019-2020\/\" class=\"more-link\">Read More<\/a><\/p>\n","protected":false},"author":1,"featured_media":0,"parent":0,"menu_order":0,"comment_status":"closed","ping_status":"closed","template":"","meta":[],"_links":{"self":[{"href":"https:\/\/bisbalpenedes.com\/web\/wp-json\/wp\/v2\/pages\/10843"}],"collection":[{"href":"https:\/\/bisbalpenedes.com\/web\/wp-json\/wp\/v2\/pages"}],"about":[{"href":"https:\/\/bisbalpenedes.com\/web\/wp-json\/wp\/v2\/types\/page"}],"author":[{"embeddable":true,"href":"https:\/\/bisbalpenedes.com\/web\/wp-json\/wp\/v2\/users\/1"}],"replies":[{"embeddable":true,"href":"https:\/\/bisbalpenedes.com\/web\/wp-json\/wp\/v2\/comments?post=10843"}],"version-history":[{"count":38,"href":"https:\/\/bisbalpenedes.com\/web\/wp-json\/wp\/v2\/pages\/10843\/revisions"}],"predecessor-version":[{"id":16768,"href":"https:\/\/bisbalpenedes.com\/web\/wp-json\/wp\/v2\/pages\/10843\/revisions\/16768"}],"wp:attachment":[{"href":"https:\/\/bisbalpenedes.com\/web\/wp-json\/wp\/v2\/media?parent=10843"}],"curies":[{"name":"wp","href":"https:\/\/api.w.org\/{rel}","templated":true}]}}